{"id":100,"date":"2022-09-23T14:16:52","date_gmt":"2022-09-23T14:16:52","guid":{"rendered":"https:\/\/www.procamcentla.com\/sitio\/?page_id=100"},"modified":"2023-01-04T01:04:01","modified_gmt":"2023-01-04T01:04:01","slug":"legales","status":"publish","type":"page","link":"https:\/\/www.procamcentla.com\/sitio\/legales\/","title":{"rendered":"Legales"},"content":{"rendered":"<ul>\n<li><a href=\"https:\/\/www.procamcentla.com\/sitio\/wp-content\/uploads\/2022\/09\/AVISO-DE-PRIVACIDAD-VDCA.pdf\" target=\"_blank\" rel=\"noopener\">Aviso de Privacidad<\/a><\/li>\n<li><a href=\"https:\/\/www.procamcentla.com\/sitio\/wp-content\/uploads\/2022\/09\/cartadederechosdelosusuariosdeserviciosdetelecomunicaciones2022.pdf\" target=\"_blank\" rel=\"noopener\">Carta de Derechos de los Usuarios de Servicios de Telecomunicaciones, actualizada al a\u00f1o 2022<\/a><\/li>\n<li><a href=\"https:\/\/www.procamcentla.com\/sitio\/wp-content\/uploads\/2022\/09\/CODIGO-PRACTICAS-COMERCIALES_VDCA.pdf\" target=\"_blank\" rel=\"noopener\">C\u00f3digo de Pr\u00e1cticas Comerciales PROCAM CENTLA<\/a><\/li>\n<li><a href=\"https:\/\/www.procamcentla.com\/sitio\/wp-content\/uploads\/2022\/09\/COD-POL-ADMON-VDCA.pdf\" target=\"_blank\" rel=\"noopener\">C\u00f3digo de Pol\u00edticas de Administraci\u00f3n<\/a><\/li>\n<li><a href=\"https:\/\/www.procamcentla.com\/sitio\/wp-content\/uploads\/2022\/09\/LINEAMIENTOS-DE-INFORMACION_PDF.pdf\" target=\"_blank\" rel=\"noopener\">Lineamientos de Informaci\u00f3n<\/a><\/li>\n<li><a href=\"https:\/\/www.procamcentla.com\/sitio\/wp-content\/uploads\/2022\/11\/Victor-Damian-Cruz-AguayoProcam-Centla-616-2022.pdf\" target=\"_blank\" rel=\"noopener\">Registro de Contrato de Adhesi\u00f3n de Telecomunicaciones<\/a><\/li>\n<li><a href=\"https:\/\/www.procamcentla.com\/sitio\/wp-content\/uploads\/2023\/01\/CONSTANCIA_IFT_46848_1793_221115004235.pdf\" target=\"_blank\" rel=\"noopener\">Constancia de Inscripci\u00f3n en el Registro P\u00fablico de Concesiones<\/a><\/li>\n<\/ul>\n","protected":false},"excerpt":{"rendered":"<p>Aviso de Privacidad Carta de Derechos de los Usuarios de Servicios de Telecomunicaciones, actualizada al a\u00f1o 2022 C\u00f3digo de Pr\u00e1cticas Comerciales PROCAM CENTLA C\u00f3digo de Pol\u00edticas de Administraci\u00f3n Lineamientos de Informaci\u00f3n Registro de Contrato de Adhesi\u00f3n de Telecomunicaciones Constancia de Inscripci\u00f3n en el Registro P\u00fablico de Concesiones<\/p>\n","protected":false},"author":1,"featured_media":0,"parent":0,"menu_order":0,"comment_status":"closed","ping_status":"closed","template":"","meta":{"footnotes":""},"class_list":["post-100","page","type-page","status-publish","hentry","wpbf-post"],"_links":{"self":[{"href":"https:\/\/www.procamcentla.com\/sitio\/wp-json\/wp\/v2\/pages\/100","targetHints":{"allow":["GET"]}}],"collection":[{"href":"https:\/\/www.procamcentla.com\/sitio\/wp-json\/wp\/v2\/pages"}],"about":[{"href":"https:\/\/www.procamcentla.com\/sitio\/wp-json\/wp\/v2\/types\/page"}],"author":[{"embeddable":true,"href":"https:\/\/www.procamcentla.com\/sitio\/wp-json\/wp\/v2\/users\/1"}],"replies":[{"embeddable":true,"href":"https:\/\/www.procamcentla.com\/sitio\/wp-json\/wp\/v2\/comments?post=100"}],"version-history":[{"count":7,"href":"https:\/\/www.procamcentla.com\/sitio\/wp-json\/wp\/v2\/pages\/100\/revisions"}],"predecessor-version":[{"id":123,"href":"https:\/\/www.procamcentla.com\/sitio\/wp-json\/wp\/v2\/pages\/100\/revisions\/123"}],"wp:attachment":[{"href":"https:\/\/www.procamcentla.com\/sitio\/wp-json\/wp\/v2\/media?parent=100"}],"curies":[{"name":"wp","href":"https:\/\/api.w.org\/{rel}","templated":true}]}}